{"id":14065,"date":"2021-02-12T10:59:33","date_gmt":"2021-02-12T09:59:33","guid":{"rendered":"http:\/\/www.mbfatimska.pl\/?page_id=14065"},"modified":"2026-02-19T14:47:49","modified_gmt":"2026-02-19T14:47:49","slug":"wtz-sw-rity-test","status":"publish","type":"page","link":"https:\/\/mbfatimska.ovh\/index.php\/wtz-sw-rity-test\/","title":{"rendered":"Warsztat Terapii Zaj\u0119ciowej \u015bw. Rity"},"content":{"rendered":"\t\t<div data-elementor-type=\"wp-page\" data-elementor-id=\"14065\" class=\"elementor elementor-14065\" data-elementor-post-type=\"page\">\n\t\t\t\t\t\t<section class=\"elementor-section elementor-top-section elementor-element elementor-element-16ba9121 elementor-section-boxed elementor-section-height-default elementor-section-height-default\" data-id=\"16ba9121\" data-element_type=\"section\" data-e-type=\"section\">\n\t\t\t\t\t\t<div class=\"elementor-container elementor-column-gap-default\">\n\t\t\t\t\t<div class=\"elementor-column elementor-col-100 elementor-top-column elementor-element elementor-element-79729561\" data-id=\"79729561\" data-element_type=\"column\" data-e-type=\"column\">\n\t\t\t<div class=\"elementor-widget-wrap elementor-element-populated\">\n\t\t\t\t\t\t<div class=\"elementor-element elementor-element-e17813e elementor-widget elementor-widget-text-editor\" data-id=\"e17813e\" data-element_type=\"widget\" data-e-type=\"widget\" data-widget_type=\"text-editor.default\">\n\t\t\t\t<div class=\"elementor-widget-container\">\n\t\t\t\t\t\t\t\t\t<p align=\"justify\"><span style=\"font-family: Times New Roman, serif;\"><span style=\"font-size: large;\">Warsztat Terapii Zaj\u0119ciowej \u015bw. Rity jest plac\u00f3wk\u0105 oferuj\u0105c\u0105 osobom z niepe\u0142nosprawno\u015bciami, mo\u017cliwo\u015b\u0107 rehabilitacji spo\u0142ecznej i zawodowej w zakresie pozyskania i przywracania umiej\u0119tno\u015bci niezb\u0119dnych do podj\u0119cia zatrudnienia. Swoj\u0105 dzia\u0142alno\u015b\u0107 rozpocz\u0105\u0142 28 grudnia 2015 roku. Pomys\u0142odawc\u0105 oraz inicjatorem powstania warsztatu by\u0142 ksi\u0105dz, pra\u0142at Tomasz Chcia\u0142owski, Prezes Zarz\u0105du Legionowskiego Stowarzyszenia Amicus. Obecnie Warsztat Terapii Zaj\u0119ciowej \u015bw. Rity prowadzi <strong data-start=\"702\" data-end=\"733\">osiem pracowni<\/strong>, w kt\u00f3rych uczestnicy rozwijaj\u0105 swoje umiej\u0119tno\u015bci praktyczne, spo\u0142eczne i zawodowe. <strong data-start=\"821\" data-end=\"843\">Od ko\u0144ca 2025 roku<\/strong> planowane jest uruchomienie <strong data-start=\"872\" data-end=\"918\">dziewi\u0105tej pracowni \u2013 Pracowni rozmaito\u015bci<\/strong>, kt\u00f3ra poszerzy ofert\u0119 terapii o nowe formy aktywizacji i tw\u00f3rczo\u015bci.<\/span><\/span><\/p><p align=\"justify\"><span style=\"font-family: Times New Roman, serif;\"><span style=\"font-size: large;\"><b>Pracownia gospodarstwa domowego<\/b><\/span><\/span><\/p><p align=\"justify\"><span style=\"font-family: Times New Roman, serif;\"><span style=\"font-size: large;\">W tej pracowni uczestnicy poznaj\u0105 zasady prowadzenia gospodarstwa domowego. Nabywaj\u0105 umiej\u0119tno\u015bci przygotowania posi\u0142k\u00f3w, dbania o czysto\u015b\u0107 oraz estetyk\u0119 pomieszcze\u0144, pos\u0142ugiwania si\u0119 narz\u0119dziami i urz\u0105dzeniami kuchennymi oraz AGD. <\/span><\/span><\/p><p align=\"justify\"><b><span style=\"font-family: Times New Roman, serif;\"><span style=\"font-size: large;\">Pracownia krawiecko-hafciarska<\/span><\/span><\/b><\/p><p align=\"justify\"><span style=\"font-family: Times New Roman, serif;\"><span style=\"font-size: large;\">Tu uczestnicy ucz\u0105 si\u0119 sposob\u00f3w naprawiania odzie\u017cy oraz tworzenia prostych dzianin poprzez nauk\u0119 szycia r\u0119cznego i maszynowego. Zaj\u0119cia te usprawniaj\u0105 czynno\u015bci manualne r\u0105k i palc\u00f3w palc\u00f3w oraz koordynacj\u0119 wzrokowo-ruchow\u0105. <\/span><\/span><\/p><p align=\"justify\"><b><span style=\"font-family: Times New Roman, serif;\"><span style=\"font-size: large;\">Pracownia florystyczno-ogrodnicza<\/span><\/span><\/b><\/p><p align=\"justify\"><span style=\"font-family: Times New Roman, serif;\"><span style=\"font-size: large;\">W tej pracowni uczestnicy ucz\u0105 si\u0119 podstaw opieki i piel\u0119gnacji ro\u015blin doniczkowych oraz ogrodowych, rozumienia zjawisk wyst\u0119puj\u0105cych w przyrodzie, a tak\u017ce pos\u0142ugiwania si\u0119 sprz\u0119tem ogrodniczym. Uczestnicy mog\u0105 realizowa\u0107 si\u0119 artystycznie tworz\u0105c r\u00f3\u017cnego rodzaju kompozycje florystyczne, bukiety czy stroiki okoliczno\u015bciowe.<\/span><\/span><\/p><p align=\"justify\"><b><span style=\"font-family: Times New Roman, serif;\"><span style=\"font-size: large;\">Pracownia gospodarcza<\/span><\/span><\/b><\/p><p align=\"justify\"><span style=\"font-family: Times New Roman, serif;\"><span style=\"font-size: large;\">Zaj\u0119cia w tej pracowni doskonale wp\u0142ywaj\u0105 na rozw\u00f3j umiej\u0119tno\u015bci manualnych, u\u0142atwiaj\u0105 przyswajanie zasad BHP. Uczestnicy poznaj\u0105 zasady stosowania prostych narz\u0119dzi i elektronarz\u0119dzi. Ucz\u0105 si\u0119 dba\u0142o\u015bci o porz\u0105dek w miejscu pracy, a tak\u017ce prowadz\u0105 wiele prac naprawczo-konserwatorskich.<\/span><\/span><\/p><p align=\"justify\"><b><span style=\"font-family: Times New Roman, serif;\"><span style=\"font-size: large;\">Pracownia r\u0119kodzie\u0142a artystycznego<\/span><\/span><\/b><\/p><p align=\"justify\"><span style=\"font-family: Times New Roman, serif;\"><span style=\"font-size: large;\">Pracownia umo\u017cliwia poznanie r\u00f3\u017cnych technik wyrazu artystycznego. Podczas wykonywania swoich prac uczestnicy stosuj\u0105 wiele r\u00f3\u017cnych technik takich jak: malowanie, szkicowanie. rysowanie czy decoupage. Uczestnicy pracowni specjalizuj\u0105 si\u0119 w wykonywaniu ozd\u00f3b choinkowych, kartek \u015bwi\u0105tecznych czy prac malarskich.<\/span><\/span><\/p><p align=\"justify\"><b><span style=\"font-family: Times New Roman, serif;\"><span style=\"font-size: large;\">Pracownia multimedialna <\/span><\/span><\/b><\/p><p align=\"justify\"><span style=\"font-family: Times New Roman, serif;\"><span style=\"font-size: large;\">Zaj\u0119cia w tej pracowni pomagaj\u0105 w poznaniu obs\u0142ugi komputera oraz podstawowych program\u00f3w. Tu uczestnicy nabywaj\u0105 umiej\u0119tno\u015bci redagowania pism przydatnych w codziennym \u017cyciu a tak\u017ce pracy w sieci i bezpiecznego korzystania z internetu.<\/span><\/span><\/p><p align=\"justify\"><b><span style=\"font-family: Times New Roman, serif;\"><span style=\"font-size: large;\">Pracownia poligraficzno-fotograficzna<\/span><\/span><\/b><\/p><p align=\"justify\"><span style=\"font-family: Times New Roman, serif;\"><span style=\"font-size: large;\">W tej pracowni uczestnicy zdobywaj\u0105 umiej\u0119tno\u015bci obs\u0142ugi komputera. kamery cyfrowej oraz aparatu, jednocze\u015bnie rozwijaj\u0105c kreatywne spojrzenie na \u015bwiat. Pod czujnym okiem instruktora tworz\u0105 dyplomy, ulotki, zaproszenia i plakaty, co pozwala im nie tylko doskonali\u0107 umiej\u0119tno\u015bci techniczne, ale tak\u017ce rozwija\u0107 wyobra\u017ani\u0119. <\/span><\/span><\/p><p align=\"justify\"><b><span style=\"font-family: Times New Roman, serif;\"><span style=\"font-size: large;\">Pracownia rzemios\u0142a tw\u00f3rczego <\/span><\/span><\/b><\/p><p align=\"justify\"><span style=\"font-family: Times New Roman, serif;\"><span style=\"font-size: large;\">Uczestnicy na zaj\u0119ciach korzystaj\u0105 z podstawowych i specjalistycznych narz\u0119dzi, ucz\u0105 si\u0119 technik wytwarzania przedmiot\u00f3w oraz w\u0142a\u015bciwo\u015bci materia\u0142\u00f3w. Tworz\u0105 r\u00f3\u017cnorodne wyroby dekoracyjne i u\u017cytkowe, poznaj\u0105c procesy produkcji i technologie ich wykonania.<\/span><\/span><\/p><p align=\"justify\"><b><span style=\"font-family: Times New Roman, serif;\"><span style=\"font-size: large;\">Pracownia rozmaito\u015bci <\/span><\/span><\/b><\/p><p align=\"justify\"><span style=\"font-family: Times New Roman, serif;\"><span style=\"font-size: large;\">W pracowni prowadzone s\u0105 zaj\u0119cia r\u00f3\u017cnymi metodami terapeutycznymi jak: malarstwo, rysunek, zdobnictwo, hafciarstwo. Zaj\u0119cia pozwalaj\u0105 kszta\u0142towa\u0107 i doskonali\u0107 funkcje motoryczne i manualne oraz rozwija\u0107 koordynacj\u0119 wzrokowo-ruchow\u0105. Pracownia prowadzona od ko\u0144ca roku 2025r. <\/span><\/span><\/p>\t\t\t\t\t\t\t\t<\/div>\n\t\t\t\t<\/div>\n\t\t\t\t\t<\/div>\n\t\t<\/div>\n\t\t\t\t\t<\/div>\n\t\t<\/section>\n\t\t<div class=\"elementor-element elementor-element-2da1eeb e-flex e-con-boxed e-con e-parent\" data-id=\"2da1eeb\" data-element_type=\"container\" data-e-type=\"container\">\n\t\t\t\t\t<div class=\"e-con-inner\">\n\t\t\t\t<div class=\"elementor-element elementor-element-f288cd5 elementor-widget elementor-widget-image-gallery\" data-id=\"f288cd5\" data-element_type=\"widget\" data-e-type=\"widget\" data-widget_type=\"image-gallery.default\">\n\t\t\t\t<div class=\"elementor-widget-container\">\n\t\t\t\t\t\t\t<div class=\"elementor-image-gallery\">\n\t\t\t<div id='gallery-1' class='gallery galleryid-14065 gallery-columns-3 gallery-size-thumbnail'><figure class='gallery-item'>\n\t\t\t<div class='gallery-icon landscape'>\n\t\t\t\t<a data-elementor-open-lightbox=\"yes\" data-elementor-lightbox-slideshow=\"f288cd5\" data-elementor-lightbox-title=\"5\" data-e-action-hash=\"#elementor-action%3Aaction%3Dlightbox%26settings%3DeyJpZCI6MzE5NjgsInVybCI6Imh0dHBzOlwvXC9tYmZhdGltc2thLm92aFwvd3AtY29udGVudFwvdXBsb2Fkc1wvMjAyNVwvMTFcLzUtMS1zY2FsZWQuanBnIiwic2xpZGVzaG93IjoiZjI4OGNkNSJ9\" href='https:\/\/mbfatimska.ovh\/wp-content\/uploads\/2025\/11\/5-1-scaled.jpg'><img width=\"150\" height=\"150\" src=\"https:\/\/mbfatimska.ovh\/wp-content\/uploads\/2025\/11\/5-1-150x150.jpg\" class=\"attachment-thumbnail size-thumbnail\" alt=\"\" decoding=\"async\" \/><\/a>\n\t\t\t<\/div><\/figure><figure class='gallery-item'>\n\t\t\t<div class='gallery-icon portrait'>\n\t\t\t\t<a data-elementor-open-lightbox=\"yes\" data-elementor-lightbox-slideshow=\"f288cd5\" data-elementor-lightbox-title=\"2\" data-e-action-hash=\"#elementor-action%3Aaction%3Dlightbox%26settings%3DeyJpZCI6MzE5NjksInVybCI6Imh0dHBzOlwvXC9tYmZhdGltc2thLm92aFwvd3AtY29udGVudFwvdXBsb2Fkc1wvMjAyNVwvMTFcLzItOC5qcGciLCJzbGlkZXNob3ciOiJmMjg4Y2Q1In0%3D\" href='https:\/\/mbfatimska.ovh\/wp-content\/uploads\/2025\/11\/2-8.jpg'><img width=\"150\" height=\"150\" src=\"https:\/\/mbfatimska.ovh\/wp-content\/uploads\/2025\/11\/2-8-150x150.jpg\" class=\"attachment-thumbnail size-thumbnail\" alt=\"\" decoding=\"async\" \/><\/a>\n\t\t\t<\/div><\/figure><figure class='gallery-item'>\n\t\t\t<div class='gallery-icon landscape'>\n\t\t\t\t<a data-elementor-open-lightbox=\"yes\" data-elementor-lightbox-slideshow=\"f288cd5\" data-elementor-lightbox-title=\"3\" data-e-action-hash=\"#elementor-action%3Aaction%3Dlightbox%26settings%3DeyJpZCI6MzE5NzAsInVybCI6Imh0dHBzOlwvXC9tYmZhdGltc2thLm92aFwvd3AtY29udGVudFwvdXBsb2Fkc1wvMjAyNVwvMTFcLzMtOS1zY2FsZWQuanBnIiwic2xpZGVzaG93IjoiZjI4OGNkNSJ9\" href='https:\/\/mbfatimska.ovh\/wp-content\/uploads\/2025\/11\/3-9-scaled.jpg'><img width=\"150\" height=\"150\" src=\"https:\/\/mbfatimska.ovh\/wp-content\/uploads\/2025\/11\/3-9-150x150.jpg\" class=\"attachment-thumbnail size-thumbnail\" alt=\"\" decoding=\"async\" \/><\/a>\n\t\t\t<\/div><\/figure><figure class='gallery-item'>\n\t\t\t<div class='gallery-icon portrait'>\n\t\t\t\t<a data-elementor-open-lightbox=\"yes\" data-elementor-lightbox-slideshow=\"f288cd5\" data-elementor-lightbox-title=\"4\" data-e-action-hash=\"#elementor-action%3Aaction%3Dlightbox%26settings%3DeyJpZCI6MzE5NzEsInVybCI6Imh0dHBzOlwvXC9tYmZhdGltc2thLm92aFwvd3AtY29udGVudFwvdXBsb2Fkc1wvMjAyNVwvMTFcLzQtNC1zY2FsZWQuanBnIiwic2xpZGVzaG93IjoiZjI4OGNkNSJ9\" href='https:\/\/mbfatimska.ovh\/wp-content\/uploads\/2025\/11\/4-4-scaled.jpg'><img loading=\"lazy\" width=\"150\" height=\"150\" src=\"https:\/\/mbfatimska.ovh\/wp-content\/uploads\/2025\/11\/4-4-150x150.jpg\" class=\"attachment-thumbnail size-thumbnail\" alt=\"\" decoding=\"async\" \/><\/a>\n\t\t\t<\/div><\/figure><figure class='gallery-item'>\n\t\t\t<div class='gallery-icon landscape'>\n\t\t\t\t<a data-elementor-open-lightbox=\"yes\" data-elementor-lightbox-slideshow=\"f288cd5\" data-elementor-lightbox-title=\"1\" data-e-action-hash=\"#elementor-action%3Aaction%3Dlightbox%26settings%3DeyJpZCI6MzE5NzIsInVybCI6Imh0dHBzOlwvXC9tYmZhdGltc2thLm92aFwvd3AtY29udGVudFwvdXBsb2Fkc1wvMjAyNVwvMTFcLzEtMTAtc2NhbGVkLmpwZyIsInNsaWRlc2hvdyI6ImYyODhjZDUifQ%3D%3D\" href='https:\/\/mbfatimska.ovh\/wp-content\/uploads\/2025\/11\/1-10-scaled.jpg'><img loading=\"lazy\" width=\"150\" height=\"150\" src=\"https:\/\/mbfatimska.ovh\/wp-content\/uploads\/2025\/11\/1-10-150x150.jpg\" class=\"attachment-thumbnail size-thumbnail\" alt=\"\" decoding=\"async\" \/><\/a>\n\t\t\t<\/div><\/figure><figure class='gallery-item'>\n\t\t\t<div class='gallery-icon landscape'>\n\t\t\t\t<a data-elementor-open-lightbox=\"yes\" data-elementor-lightbox-slideshow=\"f288cd5\" data-elementor-lightbox-title=\"8\" data-e-action-hash=\"#elementor-action%3Aaction%3Dlightbox%26settings%3DeyJpZCI6MzE5NzMsInVybCI6Imh0dHBzOlwvXC9tYmZhdGltc2thLm92aFwvd3AtY29udGVudFwvdXBsb2Fkc1wvMjAyNVwvMTFcLzgtc2NhbGVkLmpwZyIsInNsaWRlc2hvdyI6ImYyODhjZDUifQ%3D%3D\" href='https:\/\/mbfatimska.ovh\/wp-content\/uploads\/2025\/11\/8-scaled.jpg'><img loading=\"lazy\" width=\"150\" height=\"150\" src=\"https:\/\/mbfatimska.ovh\/wp-content\/uploads\/2025\/11\/8-150x150.jpg\" class=\"attachment-thumbnail size-thumbnail\" alt=\"\" decoding=\"async\" \/><\/a>\n\t\t\t<\/div><\/figure><figure class='gallery-item'>\n\t\t\t<div class='gallery-icon landscape'>\n\t\t\t\t<a data-elementor-open-lightbox=\"yes\" data-elementor-lightbox-slideshow=\"f288cd5\" data-elementor-lightbox-title=\"7\" data-e-action-hash=\"#elementor-action%3Aaction%3Dlightbox%26settings%3DeyJpZCI6MzE5NzQsInVybCI6Imh0dHBzOlwvXC9tYmZhdGltc2thLm92aFwvd3AtY29udGVudFwvdXBsb2Fkc1wvMjAyNVwvMTFcLzctc2NhbGVkLmpwZyIsInNsaWRlc2hvdyI6ImYyODhjZDUifQ%3D%3D\" href='https:\/\/mbfatimska.ovh\/wp-content\/uploads\/2025\/11\/7-scaled.jpg'><img loading=\"lazy\" width=\"150\" height=\"150\" src=\"https:\/\/mbfatimska.ovh\/wp-content\/uploads\/2025\/11\/7-150x150.jpg\" class=\"attachment-thumbnail size-thumbnail\" alt=\"\" decoding=\"async\" \/><\/a>\n\t\t\t<\/div><\/figure><figure class='gallery-item'>\n\t\t\t<div class='gallery-icon portrait'>\n\t\t\t\t<a data-elementor-open-lightbox=\"yes\" data-elementor-lightbox-slideshow=\"f288cd5\" data-elementor-lightbox-title=\"6\" data-e-action-hash=\"#elementor-action%3Aaction%3Dlightbox%26settings%3DeyJpZCI6MzE5NzUsInVybCI6Imh0dHBzOlwvXC9tYmZhdGltc2thLm92aFwvd3AtY29udGVudFwvdXBsb2Fkc1wvMjAyNVwvMTFcLzYtMS5qcGciLCJzbGlkZXNob3ciOiJmMjg4Y2Q1In0%3D\" href='https:\/\/mbfatimska.ovh\/wp-content\/uploads\/2025\/11\/6-1.jpg'><img loading=\"lazy\" width=\"150\" height=\"150\" src=\"https:\/\/mbfatimska.ovh\/wp-content\/uploads\/2025\/11\/6-1-150x150.jpg\" class=\"attachment-thumbnail size-thumbnail\" alt=\"\" decoding=\"async\" \/><\/a>\n\t\t\t<\/div><\/figure><figure class='gallery-item'>\n\t\t\t<div class='gallery-icon portrait'>\n\t\t\t\t<a data-elementor-open-lightbox=\"yes\" data-elementor-lightbox-slideshow=\"f288cd5\" data-elementor-lightbox-title=\"20250910_102314\" data-e-action-hash=\"#elementor-action%3Aaction%3Dlightbox%26settings%3DeyJpZCI6MzE5NzYsInVybCI6Imh0dHBzOlwvXC9tYmZhdGltc2thLm92aFwvd3AtY29udGVudFwvdXBsb2Fkc1wvMjAyNVwvMTFcLzIwMjUwOTEwXzEwMjMxNC1zY2FsZWQuanBnIiwic2xpZGVzaG93IjoiZjI4OGNkNSJ9\" href='https:\/\/mbfatimska.ovh\/wp-content\/uploads\/2025\/11\/20250910_102314-scaled.jpg'><img loading=\"lazy\" width=\"150\" height=\"150\" src=\"https:\/\/mbfatimska.ovh\/wp-content\/uploads\/2025\/11\/20250910_102314-150x150.jpg\" class=\"attachment-thumbnail size-thumbnail\" alt=\"\" decoding=\"async\" \/><\/a>\n\t\t\t<\/div><\/figure>\n\t\t<\/div>\n\t\t<\/div>\n\t\t\t\t\t\t<\/div>\n\t\t\t\t<\/div>\n\t\t\t\t<div class=\"elementor-element elementor-element-c2fc9bb elementor-widget elementor-widget-text-editor\" data-id=\"c2fc9bb\" data-element_type=\"widget\" data-e-type=\"widget\" data-widget_type=\"text-editor.default\">\n\t\t\t\t<div class=\"elementor-widget-container\">\n\t\t\t\t\t\t\t\t\t<p align=\"justify\">Warsztat Terapii Zaj\u0119ciowej \u015bw. Rity<\/p><p align=\"justify\">05-119 Legionowo, ul. Orl\u0105t Lwowskich 8<\/p><p align=\"justify\">NIP 536-18-33-439 KRS: 0000297627 Tel: 508 827 472<\/p>\t\t\t\t\t\t\t\t<\/div>\n\t\t\t\t<\/div>\n\t\t\t\t<div class=\"elementor-element elementor-element-059a063 elementor-widget elementor-widget-image-gallery\" data-id=\"059a063\" data-element_type=\"widget\" data-e-type=\"widget\" data-widget_type=\"image-gallery.default\">\n\t\t\t\t<div class=\"elementor-widget-container\">\n\t\t\t\t\t\t\t<div class=\"elementor-image-gallery\">\n\t\t\t<div id='gallery-2' class='gallery galleryid-14065 gallery-columns-1 gallery-size-medium_large'><figure class='gallery-item'>\n\t\t\t<div class='gallery-icon landscape'>\n\t\t\t\t<a data-elementor-open-lightbox=\"yes\" data-elementor-lightbox-slideshow=\"059a063\" data-elementor-lightbox-title=\"mapka\" data-e-action-hash=\"#elementor-action%3Aaction%3Dlightbox%26settings%3DeyJpZCI6MzE5NDAsInVybCI6Imh0dHBzOlwvXC9tYmZhdGltc2thLm92aFwvd3AtY29udGVudFwvdXBsb2Fkc1wvMjAyNVwvMTFcL21hcGthLmpwZyIsInNsaWRlc2hvdyI6IjA1OWEwNjMifQ%3D%3D\" href='https:\/\/mbfatimska.ovh\/wp-content\/uploads\/2025\/11\/mapka.jpg'><img loading=\"lazy\" width=\"540\" height=\"406\" src=\"https:\/\/mbfatimska.ovh\/wp-content\/uploads\/2025\/11\/mapka.jpg\" class=\"attachment-medium_large size-medium_large\" alt=\"\" decoding=\"async\" srcset=\"https:\/\/mbfatimska.ovh\/wp-content\/uploads\/2025\/11\/mapka.jpg 540w, https:\/\/mbfatimska.ovh\/wp-content\/uploads\/2025\/11\/mapka-300x226.jpg 300w\" sizes=\"(max-width: 540px) 100vw, 540px\" \/><\/a>\n\t\t\t<\/div><\/figure>\n\t\t<\/div>\n\t\t<\/div>\n\t\t\t\t\t\t<\/div>\n\t\t\t\t<\/div>\n\t\t\t\t\t<\/div>\n\t\t\t\t<\/div>\n\t\t<div class=\"elementor-element elementor-element-15a27cb e-flex e-con-boxed e-con e-parent\" data-id=\"15a27cb\" data-element_type=\"container\" data-e-type=\"container\">\n\t\t\t\t\t<div class=\"e-con-inner\">\n\t\t\t\t\t<\/div>\n\t\t\t\t<\/div>\n\t\t\t\t<\/div>\n\t\t","protected":false},"excerpt":{"rendered":"<p>Warsztat Terapii Zaj\u0119ciowej \u015bw. Rity jest plac\u00f3wk\u0105 oferuj\u0105c\u0105 osobom z niepe\u0142nosprawno\u015bciami, mo\u017cliwo\u015b\u0107 rehabilitacji spo\u0142ecznej i zawodowej w zakresie pozyskania i przywracania umiej\u0119tno\u015bci niezb\u0119dnych do podj\u0119cia zatrudnienia. Swoj\u0105 dzia\u0142alno\u015b\u0107 rozpocz\u0105\u0142 28 grudnia 2015 roku. Pomys\u0142odawc\u0105 oraz inicjatorem powstania warsztatu by\u0142 ksi\u0105dz, pra\u0142at Tomasz Chcia\u0142owski, Prezes Zarz\u0105du Legionowskiego Stowarzyszenia Amicus. Obecnie Warsztat Terapii Zaj\u0119ciowej \u015bw. Rity prowadzi [&hellip;]<\/p>\n","protected":false},"author":1,"featured_media":30657,"parent":0,"menu_order":0,"comment_status":"closed","ping_status":"closed","template":"","meta":{"footnotes":""},"class_list":["post-14065","page","type-page","status-publish","has-post-thumbnail","hentry"],"_links":{"self":[{"href":"https:\/\/mbfatimska.ovh\/index.php\/wp-json\/wp\/v2\/pages\/14065","targetHints":{"allow":["GET"]}}],"collection":[{"href":"https:\/\/mbfatimska.ovh\/index.php\/wp-json\/wp\/v2\/pages"}],"about":[{"href":"https:\/\/mbfatimska.ovh\/index.php\/wp-json\/wp\/v2\/types\/page"}],"author":[{"embeddable":true,"href":"https:\/\/mbfatimska.ovh\/index.php\/wp-json\/wp\/v2\/users\/1"}],"replies":[{"embeddable":true,"href":"https:\/\/mbfatimska.ovh\/index.php\/wp-json\/wp\/v2\/comments?post=14065"}],"version-history":[{"count":10,"href":"https:\/\/mbfatimska.ovh\/index.php\/wp-json\/wp\/v2\/pages\/14065\/revisions"}],"predecessor-version":[{"id":40229,"href":"https:\/\/mbfatimska.ovh\/index.php\/wp-json\/wp\/v2\/pages\/14065\/revisions\/40229"}],"wp:featuredmedia":[{"embeddable":true,"href":"https:\/\/mbfatimska.ovh\/index.php\/wp-json\/wp\/v2\/media\/30657"}],"wp:attachment":[{"href":"https:\/\/mbfatimska.ovh\/index.php\/wp-json\/wp\/v2\/media?parent=14065"}],"curies":[{"name":"wp","href":"https:\/\/api.w.org\/{rel}","templated":true}]}}